{"id":60,"date":"2017-10-05T07:36:32","date_gmt":"2017-10-05T07:36:32","guid":{"rendered":"http:\/\/www.tuovisensaatio.fi\/?page_id=60"},"modified":"2025-12-30T12:11:44","modified_gmt":"2025-12-30T12:11:44","slug":"tarkoitus","status":"publish","type":"page","link":"https:\/\/tuovisensaatio.fi\/?page_id=60","title":{"rendered":"Tarkoitus"},"content":{"rendered":"\n\n\t<p><strong>S\u00e4\u00e4ti\u00f6<\/strong><\/p>\n<p>Hilve Eva S\u00e4il\u00e4kari s. Tuovinen kuoli 9.9.2001 Lahdessa lapsettomana. H\u00e4nen testamenttinsa mukaisesti Lahteen perustettiin yleishy\u00f6dyllinen Onni ja Hilja Tuovisen S\u00e4\u00e4ti\u00f6 sr, joka on merkitty 7.5.2002 s\u00e4\u00e4ti\u00f6rekisteriin.<\/p>\n<p>S\u00e4\u00e4ti\u00f6 on saanut nimens\u00e4 ja varansa Hilve S\u00e4il\u00e4karin vanhemmilta Onni ja Hilja Tuoviselta, jotka sotien j\u00e4lkeen jatkoivat Lahdessa viipurilaisen Onni Tuovisen Linja-autoliikkeen toimintaa. Heid\u00e4n kuoltuaan tyt\u00e4r Hilve jatkoi viimeiset vuodet Lahden Liikenne Oy:n osakkaana.<\/p>\n<p><strong>Hallinto<\/strong><\/p>\n<p>S\u00e4\u00e4ti\u00f6n hallitukseen kuuluvat toimikautena\u00a0 \u00a0 v. 2024-2025 puheenjohtajana yliopiston lehtori Olli-Pekka Penttinen, HY+Koulutus- ja kehitt\u00e4mispalveluiden yksikk\u00f6, ylil\u00e4\u00e4k\u00e4ri Tuomas Kerola, P\u00e4ij\u00e4t-H\u00e4meen hyvinvointialue, yliopettaja Susanna Vanham\u00e4ki, LAB ammattikorkeakoulu sek\u00e4 asianajaja, varatuomari Sanna Koponen, Suomen asianajajat,\u00a0 joka toimii my\u00f6s s\u00e4\u00e4ti\u00f6n asiamiehen\u00e4.<\/p>\n<p><strong>Toiminta<\/strong><\/p>\n<p>S\u00e4\u00e4ti\u00f6 kuuluu\u00a0perusp\u00e4\u00e4omaltaan Lahden merkitt\u00e4vimpiin s\u00e4\u00e4ti\u00f6ihin, joka vuosittain jakaa apurahoja p\u00e4ij\u00e4th\u00e4m\u00e4l\u00e4isille s\u00e4\u00e4nt\u00f6jen mukaiseen tarkoitukseen.<\/p>\n<p>S\u00e4\u00e4ti\u00f6n tarkoituksena on tukea etusijassa syntyper\u00e4lt\u00e4\u00e4n karjalaisista vanhemmista polveutuvia p\u00e4ij\u00e4th\u00e4m\u00e4l\u00e4isi\u00e4 varattomia auto- tai muun teknillisen alan ja ymp\u00e4rist\u00f6tieteen korkeakoulu- ja yliopistotason opiskelijoita ja tutkijoita jakamalla stipendej\u00e4 ja apurahoja opiskelun tueksi sek\u00e4 tutkimusty\u00f6t\u00e4 varten.<\/p>\n<p>Edelleen s\u00e4\u00e4ti\u00f6n tarkoituksena on kehitt\u00e4\u00e4 ja tukea syd\u00e4nsairauksien ja diabeteksen tutkimusta ja hoitoa jakamalla apurahoja etusijassa p\u00e4ij\u00e4th\u00e4m\u00e4l\u00e4isille opiskelijoille ja tutkijoille em. tutkimuksia varten ja Lahden talousalueella hoito- ja tutkimuslaitteiden hankkimista varten. <\/p>\n<p>S\u00e4\u00e4ti\u00f6 my\u00f6nt\u00e4\u00e4 avustuksia avun ja hoidon tarpeessa oleville lapsille ja nuorille sek\u00e4 tukee nuorisoty\u00f6t\u00e4.<\/p>\n<p>Lis\u00e4ksi s\u00e4\u00e4ti\u00f6 tukee avustuksilla Tuovisen Liikenne Oy:n tai Lahden Liikenne Oy:n palveluksessa olleita linja-autonkuljettajia ja rahastajia, jotka sairauden tai vanhuuden vuoksi ovat avustuksen tarpeessa.<\/p>\n<p>S\u00e4\u00e4ti\u00f6\u00f6n on liitetty vuonna 2021 Tapio Honkam\u00e4en rahasto tukemaan P\u00e4ij\u00e4t-H\u00e4meest\u00e4 olevia autoalan opiskelijoita jakamalla stipendej\u00e4.<\/p>\n\t\t\t\t<a href=\"http:\/\/www.tuovisensaatio.fi\/wp-content\/uploads\/2017\/10\/hilve_big.jpg\" target=\"_self\" itemprop=\"url\" rel=\"noopener\">\n\t\t\t\t<img src=\"http:\/\/www.tuovisensaatio.fi\/wp-content\/uploads\/2017\/10\/hilve.jpg\" alt=\"&lt;pre&gt;\n&lt;strong&gt;Hilve S\u00e4il\u00e4kari\ns. Tuovinen&lt;\/strong&gt;\n24.12.1922 - 9.9.2001\n&lt;\/pre&gt;\" itemprop=\"image\" title=\"hilve\" onerror=\"this.style.display='none'\" loading=\"lazy\" \/>\n\t\t\t\t<\/a>\n\tHilve S\u00e4il\u00e4kari<br \/>\n s. Tuovinen<br \/>\n 24.12.1922 &#8211; 9.9.2001\n\n","protected":false},"excerpt":{"rendered":"<p>S\u00e4\u00e4ti\u00f6 Hilve Eva S\u00e4il\u00e4kari s. Tuovinen kuoli 9.9.2001 Lahdessa lapsettomana. H\u00e4nen testamenttinsa mukaisesti Lahteen perustettiin yleishy\u00f6dyllinen Onni ja Hilja Tuovisen S\u00e4\u00e4ti\u00f6 sr, joka on merkitty 7.5.2002 s\u00e4\u00e4ti\u00f6rekisteriin. S\u00e4\u00e4ti\u00f6 on saanut nimens\u00e4 ja varansa Hilve S\u00e4il\u00e4karin vanhemmilta Onni ja Hilja Tuoviselta,&hellip; <\/p>\n","protected":false},"author":1,"featured_media":0,"parent":0,"menu_order":0,"comment_status":"closed","ping_status":"closed","template":"","meta":[],"_links":{"self":[{"href":"https:\/\/tuovisensaatio.fi\/index.php?rest_route=\/wp\/v2\/pages\/60"}],"collection":[{"href":"https:\/\/tuovisensaatio.fi\/index.php?rest_route=\/wp\/v2\/pages"}],"about":[{"href":"https:\/\/tuovisensaatio.fi\/index.php?rest_route=\/wp\/v2\/types\/page"}],"author":[{"embeddable":true,"href":"https:\/\/tuovisensaatio.fi\/index.php?rest_route=\/wp\/v2\/users\/1"}],"replies":[{"embeddable":true,"href":"https:\/\/tuovisensaatio.fi\/index.php?rest_route=%2Fwp%2Fv2%2Fcomments&post=60"}],"version-history":[{"count":30,"href":"https:\/\/tuovisensaatio.fi\/index.php?rest_route=\/wp\/v2\/pages\/60\/revisions"}],"predecessor-version":[{"id":1319,"href":"https:\/\/tuovisensaatio.fi\/index.php?rest_route=\/wp\/v2\/pages\/60\/revisions\/1319"}],"wp:attachment":[{"href":"https:\/\/tuovisensaatio.fi\/index.php?rest_route=%2Fwp%2Fv2%2Fmedia&parent=60"}],"curies":[{"name":"wp","href":"https:\/\/api.w.org\/{rel}","templated":true}]}}